{"id":82,"date":"2021-10-13T14:29:52","date_gmt":"2021-10-13T12:29:52","guid":{"rendered":"https:\/\/moderaterna.se\/?page_id=82"},"modified":"2026-02-23T11:04:27","modified_gmt":"2026-02-23T10:04:27","slug":"moderaterna-nu-far-vi-ordning-pa-sverige","status":"publish","type":"page","link":"https:\/\/moderaterna.se\/foretagarradet\/","title":{"rendered":"Det ska vara enkelt, tryggt och l\u00f6nsamt att vara f\u00f6retagare"},"content":{"rendered":"\n<p>Moderaterna har alltid varit ett f\u00f6retagarv\u00e4nligt parti&nbsp;som v\u00e4rnar om fri f\u00f6retagsamhet, entrepren\u00f6rskap och innovationer. Vi arbetar st\u00e4ndigt f\u00f6r att f\u00f6rb\u00e4ttra v\u00e5r politik med inriktningen att det ska bli enklare, smidigare och billigare f\u00f6r f\u00f6retag att v\u00e4xa och anst\u00e4lla.<\/p>\n\n\n\n<p>Moderaternas nationella f\u00f6retagarr\u00e5d har ett s\u00e4rskilt uppdrag att utveckla partiets f\u00f6retagspolitik p\u00e5 den regionala och lokala niv\u00e5n. Som en del i detta arbetar vi f\u00f6r att inr\u00e4tta f\u00f6retagarr\u00e5d \u00f6ver hela landet d\u00e4r lokala f\u00f6retr\u00e4dare f\u00f6r Moderaterna tillsammans med f\u00f6retagare arbetar f\u00f6r att skapa ett b\u00e4ttre f\u00f6retagsklimat lokalt, regionalt och nationellt.<\/p>\n\n\n\n<p>V\u00e5rt m\u00e5l \u00e4r att tr\u00e4ffa och lyssna p\u00e5 f\u00f6retagare i hela Sverige. V\u00e5r utg\u00e5ngspunkt \u00e4r f\u00f6retagarnas egen vardag och de problem som de m\u00f6ter och som kr\u00e4ver en l\u00f6sning. Genom de moderata f\u00f6retagarr\u00e5den f\u00e5r vi m\u00f6jlighet att ta fram b\u00e4ttre och konkreta f\u00f6rslag som f\u00f6rb\u00e4ttrar f\u00f6retagarnas vardag.<\/p>\n\n\n\n<h3 class=\"wp-block-heading\">F\u00f6retagarr\u00e5dets rapport<\/h3>\n\n\n\n<p>Via l\u00e4nken nedan kan du l\u00e4sa v\u00e5r rapport om hur f\u00f6retagspolitiken kan utvecklas p\u00e5 kommunal och regional niv\u00e5.<\/p>\n\n\n\n<div class=\"wp-block-buttons is-layout-flex wp-block-buttons-is-layout-flex\">\n<div class=\"wp-block-button\"><a class=\"wp-block-button__link wp-element-button\" href=\"https:\/\/moderaterna.se\/app\/uploads\/2026\/02\/Tillsammans-for-ett-starkt-foretagsklimat-MFR.pdf\">L\u00e4s rapporten h\u00e4r<\/a><\/div>\n<\/div>\n\n\n\n<h3 class=\"wp-block-heading\" id=\"h-foretagarradets-besoksturne\">F\u00f6retagarr\u00e5dets bes\u00f6ksturn\u00e9<\/h3>\n\n\n\n<p>Att bes\u00f6ka f\u00f6retag handlar om att ha en viktig dialog med jobbskaparna i din kommun\/region, att skapa ett b\u00e4ttre f\u00f6retagsklimat och att utveckla Moderaternas f\u00f6retagspolitik. F\u00f6retagsbes\u00f6k har alltid varit en sj\u00e4lvklar del av F\u00f6retagarr\u00e5dets arbete, men nu v\u00e4xlar vi upp och hoppas att \u00e4ven du vill delta.<\/p>\n\n\n\n<p>Bli en del av Moderata F\u00f6retagrr\u00e5dets bes\u00f6ksturn\u00e9!<\/p>\n\n\n\n<div class=\"wp-block-buttons is-layout-flex wp-block-buttons-is-layout-flex\">\n<div class=\"wp-block-button\"><a class=\"wp-block-button__link wp-element-button\" href=\"https:\/\/moderaterna.se\/app\/uploads\/2024\/02\/A4-MFR-guide-besoksturne-2023.pdf\">Guide bes\u00f6ksturn\u00e9<\/a><\/div>\n\n\n\n<div class=\"wp-block-button\"><a class=\"wp-block-button__link wp-element-button\" href=\"https:\/\/moderaterna.se\/app\/uploads\/2024\/02\/A5-MFR-folder-besoksturne-2023.pdf\">Flyer bes\u00f6ksturn\u00e9<\/a><\/div>\n<\/div>\n\n\n\n<h3 class=\"wp-block-heading\" id=\"h-foretagarradets-sammanstallning-regeringens-foretagspolitik\">F\u00f6retagarr\u00e5dets sammanst\u00e4llning: regeringens f\u00f6retagspolitik<\/h3>\n\n\n\n<p>Sedan den moderatledda regeringen tilltr\u00e4dde 2022 har ett antal \u00e5tg\u00e4rder och st\u00f6rre reformer genomf\u00f6rts som alla p\u00e5 olika s\u00e4tt bidrar till att st\u00e4rka det svenska n\u00e4ringslivet.<\/p>\n\n\n\n<p>Moderata F\u00f6retagarr\u00e5det har sammanst\u00e4llt dem i en rapport.<\/p>\n\n\n\n<p>Arbetet f\u00f6r att det ska bli enklare, tryggare och mer l\u00f6nsamt att vara f\u00f6retagare i Sverige forts\u00e4tter s\u00e5klart!<\/p>\n\n\n\n<div class=\"wp-block-buttons is-layout-flex wp-block-buttons-is-layout-flex\">\n<div class=\"wp-block-button\"><a class=\"wp-block-button__link wp-element-button\" href=\"https:\/\/moderaterna.se\/app\/uploads\/2025\/11\/Politik-for-ett-starkt-svenskt-foretagande-MFR.pdf\">L\u00e4s rapporten h\u00e4r<\/a><\/div>\n<\/div>\n\n\n\n<h3 class=\"wp-block-heading\">F\u00f6retagarr\u00e5dets styrelse:<\/h3>\n\n\n\n<p><strong>Anna af Sill\u00e9n, ordf\u00f6rande<\/strong><br>anna.af.sillen@riksdagen.se<br>Ansvarsomr\u00e5de: S\u00f6dermanland, V\u00e4stmanland, Dalarna<\/p>\n\n\n\n<p><strong>Linda Allansson Wester<\/strong><br>Linda.allansson.wester@skane.se<br>Ansvarsomr\u00e5de: Sk\u00e5ne<\/p>\n\n\n\n<p><strong>B\u00f6rje H\u00e4ggman<\/strong><br>borje.haggman@gmail.com<br>Ansvarsomr\u00e5de: Stockholm, Uppsala, G\u00e4vleborg<\/p>\n\n\n\n<p><strong>Lars Holmin<\/strong><br>Lars.holmin@vgregion.se<br>Ansvarsomr\u00e5de: V\u00e4stra G\u00f6taland, V\u00e4rmland, \u00d6rebro<\/p>\n\n\n\n<p><strong>Malin Sj\u00f6lander<\/strong><br>Malin.sjolander@regionkalmar.se<br>Ansvarsomr\u00e5de: Gotland, Kalmar, \u00d6sterg\u00f6tland<\/p>\n\n\n\n<p><strong>Tobias Pettersson<\/strong><br>Tobias.pettersson@varnamo.se<br>Ansvarsomr\u00e5de: Kronoberg, J\u00f6nk\u00f6ping<\/p>\n\n\n\n<p><strong>Saila Quicklund<\/strong><br>Saila.quicklund@riksdagen.se<br>Ansvarsomr\u00e5de: J\u00e4mtland, V\u00e4sternorrland, Norrbotten, V\u00e4sterbotten<\/p>\n\n\n\n<p><strong>J\u00f6rgen Warborn<\/strong><br>jorgen.warborn@europaparl.europa.eu<br>Ansvarsomr\u00e5de: Halland, Blekinge, Europaparlamentet<\/p>\n\n\n\n<div style=\"height:34px\" aria-hidden=\"true\" class=\"wp-block-spacer\"><\/div>\n\n\n\n<p><\/p>\n\n\n\n<div class=\"wp-block-columns has-pink-background-color has-background is-layout-flex wp-container-core-columns-is-layout-9d6595d7 wp-block-columns-is-layout-flex\">\n<div class=\"wp-block-column is-layout-flow wp-block-column-is-layout-flow\">\n<h2 class=\"wp-block-heading\" id=\"h-viktiga-politiska-fragor-som-far-ordning-pa-sverige\">Viktiga politiska fr\u00e5gor som f\u00e5r ordning p\u00e5 Sverige<\/h2>\n<\/div>\n<\/div>\n\n\n\n<div class=\"wp-block-columns has-pink-background-color has-background is-layout-flex wp-container-core-columns-is-layout-9d6595d7 wp-block-columns-is-layout-flex\">\n<div class=\"wp-block-column is-layout-flow wp-block-column-is-layout-flow\"><\/div>\n\n\n\n<div class=\"wp-block-column is-layout-flow wp-block-column-is-layout-flow\">\n\n\n<p><\/p>\n<\/div>\n\n\n\n<div class=\"wp-block-column is-layout-flow wp-block-column-is-layout-flow\"><\/div>\n<\/div>\n\n\n<div id=\"donation-membership-block_acf_block_699c262b5786e\" class=\"donation-membership custom-block\">\n    <div class=\"donation-membership__content\">\n                    <div class=\"donation-membership__content--puffs swiper\">\n                <div class=\"donation-membership__content--puffs__wrapper swiper-wrapper\">\n                                            <div class=\"donation-membership__content--puffs__single swiper-slide highlighted theme__color--blue\">\n                            <p class=\"donation-membership__content--puffs__single--category\">Ta steget<\/p>\n                            <div class=\"donation-membership__content--puffs__single--line\"><\/div>\n                            <h3 class=\"donation-membership__content--puffs__single--title h4--blue\">\n                                Bli medlem i Moderaterna eller Moderata Ungdomsf\u00f6rbundet                            <\/h3>\n                            <p class=\"donation-membership__content--puffs__single--amount h3--blue\">\n                                100 kr                            <\/p>\n                            <ul>\n                                                                    <li>\n                                    <p>Engagera dig i v\u00e5r politik<\/p> \n                                    <\/li>\n                                                                    <li>\n                                    <p>H\u00f6j straffen<\/p> \n                                    <\/li>\n                                                                    <li>\n                                    <p>Fixa jobben<\/p> \n                                    <\/li>\n                                                                    <li>\n                                    <p>S\u00e4nk skatten<\/p> \n                                    <\/li>\n                                                            <\/ul>\n                            <a class=\"membership-link  link-button highlighted link-button__blue link-button__blue--pink\"\n                                href=\"https:\/\/moderaterna.membersite.se\/Membership\/BuyMembership\"\n                                data-category=\"Ta steget\">\n                                <svg xmlns=\"http:\/\/www.w3.org\/2000\/svg\" data-name=\"Icon ionic-ios-arrow-round-forward\" width=\"17.168\" height=\"11.45\" viewBox=\"0 0 17.168 11.45\" aria-hidden=\"true\"><path data-name=\"Icon ionic-ios-arrow-round-forward\" d=\"M10.948.219a.779.779 0 0 0-.006 1.1l3.626 3.629H.769a.775.775 0 0 0 0 1.55h13.793l-3.626 3.632a.785.785 0 0 0 .006 1.1.772.772 0 0 0 1.091-.006l4.914-4.949a.871.871 0 0 0 .161-.244.74.74 0 0 0 .06-.3.777.777 0 0 0-.221-.543L12.033.239a.76.76 0 0 0-1.085-.02z\" fill=\"#213a8f\"\/><\/svg>                                Bli medlem                            <\/a>\n                        <\/div>\n                                    <\/div>\n                <div class=\"swiper-pagination\"><\/div>\n            <\/div>\n            <\/div>\n<\/div>\n\n\n\n<div id=\"donation-membership-block_acf_block_699c262b578a7\" class=\"donation-membership custom-block\">\n    <div class=\"donation-membership__content\">\n                    <div class=\"donation-membership__content--puffs swiper\">\n                <div class=\"donation-membership__content--puffs__wrapper swiper-wrapper\">\n                                            <div class=\"donation-membership__content--puffs__single swiper-slide highlighted theme__color--blue\">\n                            <p class=\"donation-membership__content--puffs__single--category\">Ditt st\u00f6d beh\u00f6vs<\/p>\n                            <div class=\"donation-membership__content--puffs__single--line\"><\/div>\n                            <h3 class=\"donation-membership__content--puffs__single--title h4--blue\">\n                                Bidra till att f\u00e5 ordning p\u00e5 Sverige                            <\/h3>\n                            <p class=\"donation-membership__content--puffs__single--amount h3--blue\">\n                                200 kr                            <\/p>\n                            <ul>\n                                                                    <li>\n                                    <p>G\u00f6r att vi n\u00e5r fler<\/p> \n                                    <\/li>\n                                                                    <li>\n                                    <p>\u00d6kar kraften i valr\u00f6relsen<\/p> \n                                    <\/li>\n                                                                    <li>\n                                    <p>\u00d6kar genomslaget<\/p> \n                                    <\/li>\n                                                                    <li>\n                                    <p>Investering i att f\u00e5 ordning p\u00e5 Sverige<\/p> \n                                    <\/li>\n                                                            <\/ul>\n                            <a class=\"donation-link  link-button highlighted link-button__blue link-button__blue--pink\"\n                                href=\"https:\/\/moderaterna.membersite.se\/Donation\/Donate\"\n                                data-category=\"Ditt st\u00f6d beh\u00f6vs\">\n                                <svg xmlns=\"http:\/\/www.w3.org\/2000\/svg\" data-name=\"Icon ionic-ios-arrow-round-forward\" width=\"17.168\" height=\"11.45\" viewBox=\"0 0 17.168 11.45\" aria-hidden=\"true\"><path data-name=\"Icon ionic-ios-arrow-round-forward\" d=\"M10.948.219a.779.779 0 0 0-.006 1.1l3.626 3.629H.769a.775.775 0 0 0 0 1.55h13.793l-3.626 3.632a.785.785 0 0 0 .006 1.1.772.772 0 0 0 1.091-.006l4.914-4.949a.871.871 0 0 0 .161-.244.74.74 0 0 0 .06-.3.777.777 0 0 0-.221-.543L12.033.239a.76.76 0 0 0-1.085-.02z\" fill=\"#213a8f\"\/><\/svg>                                Sk\u00e4nk 200 kr                            <\/a>\n                        <\/div>\n                                    <\/div>\n                <div class=\"swiper-pagination\"><\/div>\n            <\/div>\n            <\/div>\n<\/div>\n\n\n\n\n<div class=\"wp-block-buttons is-layout-flex wp-block-buttons-is-layout-flex\"><\/div>\n","protected":false},"excerpt":{"rendered":"<p>Moderaterna har alltid varit ett f\u00f6retagarv\u00e4nligt parti&nbsp;som v\u00e4rnar om fri f\u00f6retagsamhet, entrepren\u00f6rskap och innovationer. Vi arbetar st\u00e4ndigt f\u00f6r att f\u00f6rb\u00e4ttra v\u00e5r politik med inriktningen att det ska bli enklare, smidigare och billigare f\u00f6r f\u00f6retag att v\u00e4xa och anst\u00e4lla. Moderaternas nationella f\u00f6retagarr\u00e5d har ett s\u00e4rskilt uppdrag att utveckla partiets f\u00f6retagspolitik p\u00e5 den regionala och lokala niv\u00e5n. [&hellip;]<\/p>\n","protected":false},"author":9,"featured_media":0,"parent":0,"menu_order":0,"comment_status":"closed","ping_status":"closed","template":"page-templates\/landing-page.php","meta":{"_acf_changed":false,"_relevanssi_hide_post":"","_relevanssi_hide_content":"","_relevanssi_pin_for_all":"","_relevanssi_pin_keywords":"","_relevanssi_unpin_keywords":"","_relevanssi_related_keywords":"","_relevanssi_related_include_ids":"","_relevanssi_related_exclude_ids":"","_relevanssi_related_no_append":"","_relevanssi_related_not_related":"","_relevanssi_related_posts":"526","_relevanssi_noindex_reason":"","footnotes":""},"subject":[],"class_list":["post-82","page","type-page","status-publish","hentry"],"acf":[],"publishpress_future_action":{"enabled":false,"date":"2026-05-08 04:27:32","action":"change-status","newStatus":"draft","terms":[],"taxonomy":"subject"},"_links":{"self":[{"href":"https:\/\/moderaterna.se\/foretagarradet\/wp-json\/wp\/v2\/pages\/82","targetHints":{"allow":["GET"]}}],"collection":[{"href":"https:\/\/moderaterna.se\/foretagarradet\/wp-json\/wp\/v2\/pages"}],"about":[{"href":"https:\/\/moderaterna.se\/foretagarradet\/wp-json\/wp\/v2\/types\/page"}],"author":[{"embeddable":true,"href":"https:\/\/moderaterna.se\/foretagarradet\/wp-json\/wp\/v2\/users\/9"}],"replies":[{"embeddable":true,"href":"https:\/\/moderaterna.se\/foretagarradet\/wp-json\/wp\/v2\/comments?post=82"}],"version-history":[{"count":69,"href":"https:\/\/moderaterna.se\/foretagarradet\/wp-json\/wp\/v2\/pages\/82\/revisions"}],"predecessor-version":[{"id":1202,"href":"https:\/\/moderaterna.se\/foretagarradet\/wp-json\/wp\/v2\/pages\/82\/revisions\/1202"}],"wp:attachment":[{"href":"https:\/\/moderaterna.se\/foretagarradet\/wp-json\/wp\/v2\/media?parent=82"}],"wp:term":[{"taxonomy":"subject","embeddable":true,"href":"https:\/\/moderaterna.se\/foretagarradet\/wp-json\/wp\/v2\/subject?post=82"}],"curies":[{"name":"wp","href":"https:\/\/api.w.org\/{rel}","templated":true}]}}