{"id":632,"date":"2021-12-08T09:52:53","date_gmt":"2021-12-08T08:52:53","guid":{"rendered":"https:\/\/moderaterna.se\/dalarna\/?page_id=632"},"modified":"2025-12-10T09:06:12","modified_gmt":"2025-12-10T08:06:12","slug":"forbundsstyrelsen","status":"publish","type":"page","link":"https:\/\/moderaterna.se\/dalarna\/forbundsstyrelsen\/","title":{"rendered":"F\u00f6rbundsstyrelsen"},"content":{"rendered":"\n<figure class=\"wp-block-image size-large\"><img loading=\"lazy\" decoding=\"async\" width=\"1024\" height=\"683\" src=\"https:\/\/moderaterna.se\/app\/uploads\/sites\/4\/2025\/04\/Styrelsen-1024x683.jpg\" alt=\"\" class=\"wp-image-1825\" srcset=\"https:\/\/moderaterna.se\/app\/uploads\/sites\/4\/2025\/04\/Styrelsen-1024x683.jpg 1024w, https:\/\/moderaterna.se\/app\/uploads\/sites\/4\/2025\/04\/Styrelsen-300x200.jpg 300w, https:\/\/moderaterna.se\/app\/uploads\/sites\/4\/2025\/04\/Styrelsen-768x512.jpg 768w, https:\/\/moderaterna.se\/app\/uploads\/sites\/4\/2025\/04\/Styrelsen-1536x1024.jpg 1536w, https:\/\/moderaterna.se\/app\/uploads\/sites\/4\/2025\/04\/Styrelsen-2048x1365.jpg 2048w\" sizes=\"auto, (max-width: 1024px) 100vw, 1024px\" \/><\/figure>\n\n\n\n<h2 class=\"wp-block-heading has-medium-font-size\"><strong>Ordf\u00f6rande<\/strong> <\/h2>\n\n\n\n<p>Ulf Berg, Avesta<\/p>\n\n\n\n<p>ulf.berg@regiondalarna.se<\/p>\n\n\n\n<h2 class=\"wp-block-heading has-medium-font-size\"><strong>1:e vice ordf\u00f6rande<\/strong> <\/h2>\n\n\n\n<p>Mikael \u00d6stling, Malung-S\u00e4len<\/p>\n\n\n\n<h2 class=\"wp-block-heading has-medium-font-size\"><strong>2:e vice ordf\u00f6rande<\/strong> <\/h2>\n\n\n\n<p>Vakant<\/p>\n\n\n\n<div style=\"height:36px\" aria-hidden=\"true\" class=\"wp-block-spacer\"><\/div>\n\n\n\n<h2 class=\"wp-block-heading has-medium-font-size\" id=\"h-ledamoter\"><strong>Ledam\u00f6ter:<\/strong><\/h2>\n\n\n\n<p>Henrik Knapp, R\u00e4ttvik<\/p>\n\n\n\n<p>Vanja Otterwall, Falun<\/p>\n\n\n\n<p>Johannes Kotschy, Avesta<\/p>\n\n\n\n<p>Mikael Ros\u00e9n, Falun<\/p>\n\n\n\n<p>Rolf Holmqvist, Borl\u00e4nge<\/p>\n\n\n\n<p>Ulrica Granberg, Leksand<\/p>\n\n\n\n<p>Cecilia \u00c5hlberg, Moderatkvinnor ansvarig<\/p>\n\n\n\n<p>Elias \u00c5kerman, MUF<\/p>\n\n\n\n<p>Cristian Bergenholtz, \u00d6ppna Moderater<\/p>\n\n\n\n<p>Carl-Oskar Bohlin, adjungerad<\/p>\n\n\n\n<p>Bj\u00f6rn Ljungqvist, adjungerad<\/p>\n\n\n\n<p>Malin H\u00f6glund, adjungerad<\/p>\n\n\n\n<p>Crister Carlsson, adjungerad<\/p>\n\n\n\n<div style=\"height:100px\" aria-hidden=\"true\" class=\"wp-block-spacer\"><\/div>\n","protected":false},"excerpt":{"rendered":"<p>Ordf\u00f6rande Ulf Berg, Avesta ulf.berg@regiondalarna.se 1:e vice ordf\u00f6rande Mikael \u00d6stling, Malung-S\u00e4len 2:e vice ordf\u00f6rande Vakant Ledam\u00f6ter: Henrik Knapp, R\u00e4ttvik Vanja Otterwall, Falun Johannes Kotschy, Avesta Mikael Ros\u00e9n, Falun Rolf Holmqvist, Borl\u00e4nge Ulrica Granberg, Leksand Cecilia \u00c5hlberg, Moderatkvinnor ansvarig Elias \u00c5kerman, MUF Cristian Bergenholtz, \u00d6ppna Moderater Carl-Oskar Bohlin, adjungerad Bj\u00f6rn Ljungqvist, adjungerad Malin H\u00f6glund, adjungerad Crister [&hellip;]<\/p>\n","protected":false},"author":9,"featured_media":0,"parent":0,"menu_order":3,"comment_status":"closed","ping_status":"closed","template":"","meta":{"_acf_changed":false,"_relevanssi_hide_post":"","_relevanssi_hide_content":"","_relevanssi_pin_for_all":"","_relevanssi_pin_keywords":"","_relevanssi_unpin_keywords":"","_relevanssi_related_keywords":"","_relevanssi_related_include_ids":"","_relevanssi_related_exclude_ids":"","_relevanssi_related_no_append":"","_relevanssi_related_not_related":"","_relevanssi_related_posts":"526","_relevanssi_noindex_reason":"","footnotes":""},"subject":[],"class_list":["post-632","page","type-page","status-publish","hentry"],"acf":[],"publishpress_future_action":{"enabled":false,"date":"2026-05-04 18:43:23","action":"change-status","newStatus":"draft","terms":[],"taxonomy":"subject"},"_links":{"self":[{"href":"https:\/\/moderaterna.se\/dalarna\/wp-json\/wp\/v2\/pages\/632","targetHints":{"allow":["GET"]}}],"collection":[{"href":"https:\/\/moderaterna.se\/dalarna\/wp-json\/wp\/v2\/pages"}],"about":[{"href":"https:\/\/moderaterna.se\/dalarna\/wp-json\/wp\/v2\/types\/page"}],"author":[{"embeddable":true,"href":"https:\/\/moderaterna.se\/dalarna\/wp-json\/wp\/v2\/users\/9"}],"replies":[{"embeddable":true,"href":"https:\/\/moderaterna.se\/dalarna\/wp-json\/wp\/v2\/comments?post=632"}],"version-history":[{"count":13,"href":"https:\/\/moderaterna.se\/dalarna\/wp-json\/wp\/v2\/pages\/632\/revisions"}],"predecessor-version":[{"id":1873,"href":"https:\/\/moderaterna.se\/dalarna\/wp-json\/wp\/v2\/pages\/632\/revisions\/1873"}],"wp:attachment":[{"href":"https:\/\/moderaterna.se\/dalarna\/wp-json\/wp\/v2\/media?parent=632"}],"wp:term":[{"taxonomy":"subject","embeddable":true,"href":"https:\/\/moderaterna.se\/dalarna\/wp-json\/wp\/v2\/subject?post=632"}],"curies":[{"name":"wp","href":"https:\/\/api.w.org\/{rel}","templated":true}]}}