{"id":832,"date":"2021-12-21T15:19:32","date_gmt":"2021-12-21T14:19:32","guid":{"rendered":"https:\/\/moderaterna.se\/blekinge\/?post_type=compound&#038;p=832"},"modified":"2022-05-09T11:05:33","modified_gmt":"2022-05-09T09:05:33","slug":"karlskrona","status":"publish","type":"compound","link":"https:\/\/moderaterna.se\/blekinge\/foreningar\/karlskrona\/","title":{"rendered":"Karlskrona"},"content":{"rendered":"\n<figure class=\"wp-block-image size-large\"><img loading=\"lazy\" decoding=\"async\" width=\"1024\" height=\"256\" src=\"https:\/\/moderaterna.se\/app\/uploads\/sites\/6\/2021\/12\/Karlskrona-moderaterna-1024x256.png\" alt=\"\" class=\"wp-image-1203\" srcset=\"https:\/\/moderaterna.se\/app\/uploads\/sites\/6\/2021\/12\/Karlskrona-moderaterna-1024x256.png 1024w, https:\/\/moderaterna.se\/app\/uploads\/sites\/6\/2021\/12\/Karlskrona-moderaterna-300x75.png 300w, https:\/\/moderaterna.se\/app\/uploads\/sites\/6\/2021\/12\/Karlskrona-moderaterna-768x192.png 768w, https:\/\/moderaterna.se\/app\/uploads\/sites\/6\/2021\/12\/Karlskrona-moderaterna-1536x384.png 1536w, https:\/\/moderaterna.se\/app\/uploads\/sites\/6\/2021\/12\/Karlskrona-moderaterna.png 1920w\" sizes=\"auto, (max-width: 1024px) 100vw, 1024px\" \/><figcaption>Karlskrona ska vara en trygg kommun med bra f\u00f6ruts\u00e4ttningar f\u00f6r m\u00e4nniskor att utvecklas. En kommun d\u00e4r m\u00e4nniskor vill bo och trivas. D\u00e4r m\u00e4nniskor vill skaffa barn och d\u00e4r m\u00e4nniskor vill bli gamla. Vi vill ge v\u00e5ra inv\u00e5nare m\u00f6jlighet att bygga sin framtid och leva sin dr\u00f6m. Det ska byggas bost\u00e4der i attraktiva livsmilj\u00f6er, jobben ska bli fler och det ska sjuda av liv och aktiviteter. Vi vill ha skolor d\u00e4r varje barn f\u00e5r m\u00f6jlighet att utvecklas efter sin egen f\u00f6rm\u00e5ga och n\u00e5 sin fulla potential.<\/figcaption><\/figure>\n","protected":false},"featured_media":0,"template":"","class_list":["post-832","compound","type-compound","status-publish","hentry"],"acf":[],"_links":{"self":[{"href":"https:\/\/moderaterna.se\/blekinge\/wp-json\/wp\/v2\/compound\/832","targetHints":{"allow":["GET"]}}],"collection":[{"href":"https:\/\/moderaterna.se\/blekinge\/wp-json\/wp\/v2\/compound"}],"about":[{"href":"https:\/\/moderaterna.se\/blekinge\/wp-json\/wp\/v2\/types\/compound"}],"wp:attachment":[{"href":"https:\/\/moderaterna.se\/blekinge\/wp-json\/wp\/v2\/media?parent=832"}],"curies":[{"name":"wp","href":"https:\/\/api.w.org\/{rel}","templated":true}]}}